{"id":20994,"date":"2021-12-16T10:10:53","date_gmt":"2021-12-16T09:10:53","guid":{"rendered":"https:\/\/www.lavillak.com\/?page_id=20994"},"modified":"2021-12-16T10:15:50","modified_gmt":"2021-12-16T09:15:50","slug":"hotel-in-der-naehe-des-flughafens-freiburg","status":"publish","type":"page","link":"https:\/\/www.lavillak.com\/de\/hotel-in-der-naehe-des-flughafens-freiburg\/","title":{"rendered":"Hotel in der n\u00e4he des flughafens Freiburg"},"content":{"rendered":"<p><!-- flzn:zn_pagebanner --><\/p>\n<header id=\"flzn-pagebanner-1\" class=\"zone zn-pagebanner\">\n<div class=\"zone-block zn-pagebanner-block pdd-top pdd-bottom-off alignfull va-center\"><\/div>\n<\/header>\n<p><!-- \/flzn:zn_pagebanner --><br \/>\n<!-- flzn:zn_text_img --><\/p>\n<div id=\"flzn-textimg-1\" class=\"zone zn-textimg\">\n<div class=\"zone-block zn-textimg-block alignwide va-center\">\n<div class=\"row mw-content-zone\">\n<div class=\"columns large-12\">\n<div class=\"row with-nice-alignment zn-textimg-row va-center\" data-equalizer data-equalize-on=\"large\">\n<div class=\"columns large-6 zn-textimg-colimg\" data-equalizer-watch>\n<div class=\"columns-inner zn-textimg-col-inner\">\n<div class=\"zn-textimg-imgs\">\n<div class=\"zn-textimg-imgbox\" title=\"\">\n<figure class=\"zn-textimg-figure\">\n\t\t\t\t\t\t\t\t\t<img decoding=\"async\" class=\"zn-textimg-img\" src=\"https:\/\/www.lavillak.com\/wp-inside\/uploads\/2021\/12\/la-villa-k-chambre-business-800x610.jpg\" alt=\"hotel flughafens freiburg\"\/><br \/>\n\t\t\t\t\t\t\t\t\t\t\t\t\t\t\t\t\t<\/figure>\n<\/p><\/div>\n<\/p><\/div>\n<\/p><\/div>\n<\/p><\/div>\n<div class=\"columns large-6 zn-textimg-coldesc\" data-equalizer-watch>\n<div class=\"columns-inner zn-textimg-descbox\">\n<div class=\"zn-textimg-desc wig-content\">\n<h2>\u00dcbernachten Sie in der N\u00e4he des Euroairports Basel-Mulhouse-Freiburg.<\/h2>\n<p>Im Rahmen einer Gesch\u00e4ftsreise, eines Urlaubs oder eines einfachen Zwischenstopps werden Sie die N\u00e4he der Verkehrsachsen zu den Grenzl\u00e4ndern (Schweiz und Deutschland) und den umliegenden Gro\u00dfst\u00e4dten wie Freiburg zu sch\u00e4tzen wissen.<\/p>\n<p>Es stehen Ihnen 41 klimatisierte und mit gr\u00f6\u00dfter Sorgfalt eingerichtete Zimmer mit kostenlosem WLAN-Anschluss, HD-Fernseher und eigenem Bad zur Verf\u00fcgung. Genie\u00dfen Sie einen ruhigen Kokon, ein Bistronomierestaurant und ein Spa, das 100% Zen ist.<\/p>\n<\/div><\/div>\n<\/p><\/div>\n<\/p><\/div>\n<\/p><\/div>\n<\/p><\/div>\n<\/div>\n<\/div>\n<p><!-- \/flzn:zn_text_img --><br \/>\n<!-- flzn:zn_text_img --><\/p>\n<div id=\"flzn-textimg-2\" class=\"zone zn-textimg\">\n<div class=\"zone-block zn-textimg-block alignwide va-center\">\n<div class=\"row mw-content-zone\">\n<div class=\"columns large-12\">\n<div class=\"row with-nice-alignment zn-textimg-row va-center\" data-equalizer data-equalize-on=\"large\">\n<div class=\"columns large-6 large-push-6 zn-textimg-colimg\" data-equalizer-watch>\n<div class=\"columns-inner zn-textimg-col-inner\">\n<div class=\"zn-textimg-imgs\">\n<div class=\"zn-textimg-imgbox\" title=\"\">\n<figure class=\"zn-textimg-figure\">\n\t\t\t\t\t\t\t\t\t<img decoding=\"async\" class=\"zn-textimg-img\" src=\"https:\/\/www.lavillak.com\/wp-inside\/uploads\/2021\/12\/122_2301-800x610.jpg\" alt=\"Hotel Euroairports Freiburg\"\/><br \/>\n\t\t\t\t\t\t\t\t\t\t\t\t\t\t\t\t\t<\/figure>\n<\/p><\/div>\n<\/p><\/div>\n<\/p><\/div>\n<\/p><\/div>\n<div class=\"columns large-6 large-pull-6 zn-textimg-coldesc\" data-equalizer-watch>\n<div class=\"columns-inner zn-textimg-descbox\">\n<div class=\"zn-textimg-desc wig-content\">\n<p>Das ideal gelegene La Villa K macht keine halben Sachen und bietet Ihnen <a href=\"https:\/\/www.lavillak.com\/de\/packages\/parkn-fly\/\">das Park &amp; Fly-Angebot<\/a> f\u00fcr eine angenehme Reise ohne unvorhergesehene Ereignisse.<\/p>\n<p>Auf dem Programm stehen:<\/p>\n<p>&#8211; 1 \u00dcbernachtung im Doppelzimmer<\/p>\n<p>&#8211; 1 Parkplatz f\u00fcr einen l\u00e4ngeren Aufenthalt<\/p>\n<p>&#8211; 1 Flughafentransfer hin und zur\u00fcck<\/p>\n<p>Und das alles ab 59\u20ac pro Person!<\/p>\n<p>F\u00fcr Reisende, die mit dem Flugzeug ins Elsass kommen m\u00f6chten, wird ein kostenloser Shuttle zum Flughafen und zur\u00fcck angeboten, um Ihnen die Anreise zu erleichtern. Sie bevorzugen das Auto? Das Park &amp; Fly-Angebot umfasst einen Langzeitparkplatz, damit Ihr Auto w\u00e4hrend Ihres Aufenthalts sicher steht.<\/p>\n<\/div><\/div>\n<\/p><\/div>\n<\/p><\/div>\n<\/p><\/div>\n<\/p><\/div>\n<\/div>\n<\/div>\n<p><!-- \/flzn:zn_text_img --><br \/>\n<!-- flzn:zn_button --><\/p>\n<div id=\"flzn-button-1\" class=\"zone zn-button with-bg bg-color is-bgc-bluepattern bg-is-dark\"><span class=\"zone-bg bg-color bgc-bluepattern alignfull\"><\/span><\/p>\n<div class=\"zone-block zn-button-block alignfull va-top text-center\">\n<div class=\"zn-button-bgbox block-alignfull oneblock\">\n<div class=\"zn-button-bgbox-bg\" ><\/div>\n<\/p><\/div>\n<div class=\"zn-button-list row small-up-1 medium-up-1 nb-bloc-1  without-blocs-bg alignfull va-top text-center oneblock\" data-equalizer data-equalize-on=\"large\">\n<div class=\"zn-button-bloc column\" data-equalizer-watch>\n<div class=\"column-inner\">\n<div class=\"zn-button-innerbox\">\n<div class=\"zn-button-bloc-titledesc\">\n<h3 class=\"zn-button-bloc-title h2 cursive-font title-with-deco\">\n\t\t\t\t\t\t\t\t\t\tBereiten Sie Ihren Aufenthalt vor\t\t\t\t\t\t\t\t\t<\/h3>\n<\/p><\/div>\n<div class=\"zn-button-buttons-box\">\n<p>\t\t\t\t\t\t\t\t\t\t\t\t\t\t\t\t\t\t<a class=\"button secondary\" href=\"https:\/\/www.secure-hotel-booking.com\/smart\/Hotel-Spa-La-Villa-K\/JBCB\/de\/?_ga=2.202840983.725048562.1639644085-1548106760.1637677520\"><br \/>\n\t\t\t\t\t\t\t\t\t\t\t\t\t\t\t\t\t\t\t\t\tBook a room\t\t\t\t\t\t\t\t\t\t\t\t\t\t\t\t\t\t\t<\/a>\n\t\t\t\t\t\t\t\t\t\t\t\t\t\t\t\t\t\t\t\t\t<\/div>\n<\/p><\/div>\n<\/p><\/div>\n<\/p><\/div>\n<\/p><\/div>\n<\/div>\n<\/div>\n<p><!-- \/flzn:zn_button --><br \/>\n<!-- flzn:zn_text_img --><\/p>\n<div id=\"flzn-textimg-3\" class=\"zone zn-textimg\">\n<div class=\"zone-block zn-textimg-block alignwide va-center\">\n<div class=\"row mw-content-zone\">\n<div class=\"columns large-12\">\n<div class=\"row with-nice-alignment zn-textimg-row va-center\" data-equalizer data-equalize-on=\"large\">\n<div class=\"columns large-6 zn-textimg-colimg\" data-equalizer-watch>\n<div class=\"columns-inner zn-textimg-col-inner\">\n<div class=\"zn-textimg-imgs\">\n<div class=\"zn-textimg-imgbox\" title=\"\">\n<figure class=\"zn-textimg-figure\">\n\t\t\t\t\t\t\t\t\t<img decoding=\"async\" class=\"zn-textimg-img\" src=\"https:\/\/www.lavillak.com\/wp-inside\/uploads\/2021\/12\/20111001-villa-k-chambres-parties-communes-032-800x610.jpg\" alt=\"Spa-Bereich Freiburg\"\/><br \/>\n\t\t\t\t\t\t\t\t\t\t\t\t\t\t\t\t\t<\/figure>\n<\/p><\/div>\n<\/p><\/div>\n<\/p><\/div>\n<\/p><\/div>\n<div class=\"columns large-6 zn-textimg-coldesc\" data-equalizer-watch>\n<div class=\"columns-inner zn-textimg-descbox\">\n<div class=\"zn-textimg-desc wig-content\">\n<h2>Ein Moment der Entspannung in einem Hotel in der N\u00e4he von Freiburg.<\/h2>\n<p>Die Villa K bietet ihren Wellness- und Entspannungsbereich allen Hotelg\u00e4sten, aber auch externen G\u00e4sten an!<\/p>\n<p>Ein Spa-Bereich, der mit einem Jacuzzi, einem Hammam und einer Sauna ausgestattet ist, erwartet Sie f\u00fcr einen Moment der Entspannung, der nur Ihnen geh\u00f6rt.<\/p>\n<p>Lust, sich verw\u00f6hnen zu lassen? Dann haben Sie Recht! Lassen Sie sich verw\u00f6hnen und w\u00e4hlen Sie aus einer gro\u00dfen Auswahl an K\u00f6rper- und Gesichtsbehandlungen. Unsere <a href=\"https:\/\/www.lavillak.com\/de\/spa-wellness\/liste-der-behandlungen\/\">Massagen und Behandlungen<\/a>, die von unserem professionellen Team durchgef\u00fchrt werden, versprechen eine unvergessliche Reise und eine unvergleichliche Entspannung.<\/p>\n<\/div><\/div>\n<\/p><\/div>\n<\/p><\/div>\n<\/p><\/div>\n<\/p><\/div>\n<\/div>\n<\/div>\n<p><!-- \/flzn:zn_text_img --><br \/>\n<!-- flzn:zn_text_img --><\/p>\n<div id=\"flzn-textimg-4\" class=\"zone zn-textimg\">\n<div class=\"zone-block zn-textimg-block alignwide va-center\">\n<div class=\"row mw-content-zone\">\n<div class=\"columns large-12\">\n<div class=\"row with-nice-alignment zn-textimg-row va-center\" data-equalizer data-equalize-on=\"large\">\n<div class=\"columns large-6 large-push-6 zn-textimg-colimg\" data-equalizer-watch>\n<div class=\"columns-inner zn-textimg-col-inner\">\n<div class=\"zn-textimg-imgs\">\n<div class=\"zn-textimg-imgbox\" title=\"\">\n<figure class=\"zn-textimg-figure\">\n\t\t\t\t\t\t\t\t\t<img decoding=\"async\" class=\"zn-textimg-img\" src=\"https:\/\/www.lavillak.com\/wp-inside\/uploads\/2021\/12\/restaurant-lavillak-800x610.jpg\" alt=\"hotel restaurant Freiburg\"\/><br \/>\n\t\t\t\t\t\t\t\t\t\t\t\t\t\t\t\t\t<\/figure>\n<\/p><\/div>\n<\/p><\/div>\n<\/p><\/div>\n<\/p><\/div>\n<div class=\"columns large-6 large-pull-6 zn-textimg-coldesc\" data-equalizer-watch>\n<div class=\"columns-inner zn-textimg-descbox\">\n<div class=\"zn-textimg-desc wig-content\">\n<h2>Restaurant La Cave: Ein geselliger Ort zum Essen.<\/h2>\n<p>Sie landen am Euroairport und \u00fcbernachten im Hotel La Villa K? Das Bistro La Cave, das Restaurant des Hotels, empf\u00e4ngt Sie in einem hellen, liebevoll eingerichteten Ambiente.<\/p>\n<p>Eine charaktervolle K\u00fcche mit frischen und saisonalen Produkten erwartet Sie in Saint-Louis (in der N\u00e4he von Freiburg)!<\/p>\n<p>Das Bistro La Cave h\u00e4lt viele \u00dcberraschungen f\u00fcr Sie bereit. Kreative Gerichte, die von unserem Chefkoch zubereitet werden, sowie eine gro\u00dfe Auswahl an Weinen werden Ihnen zur Freude Ihrer Geschmacksknospen angeboten!<\/p>\n<\/div><\/div>\n<\/p><\/div>\n<\/p><\/div>\n<\/p><\/div>\n<\/p><\/div>\n<\/div>\n<\/div>\n<p><!-- \/flzn:zn_text_img --><br \/>\n<!-- flzn:zn_text_img --><\/p>\n<div id=\"flzn-textimg-5\" class=\"zone zn-textimg\">\n<div class=\"zone-block zn-textimg-block alignwide va-center\">\n<div class=\"row mw-content-zone\">\n<div class=\"columns large-12\">\n<div class=\"row with-nice-alignment zn-textimg-row va-center\" data-equalizer data-equalize-on=\"large\">\n<div class=\"columns large-6 zn-textimg-colimg\" data-equalizer-watch>\n<div class=\"columns-inner zn-textimg-col-inner\">\n<div class=\"zn-textimg-imgs\">\n<div class=\"zn-textimg-imgbox\" title=\"\">\n<figure class=\"zn-textimg-figure\">\n\t\t\t\t\t\t\t\t\t<img decoding=\"async\" class=\"zn-textimg-img\" src=\"https:\/\/www.lavillak.com\/wp-inside\/uploads\/2021\/12\/la-villa-k-chambre-executive-k-800x610.jpg\" alt=\"Hotel n\u00e4he des Freiburg Euroairport\"\/><br \/>\n\t\t\t\t\t\t\t\t\t\t\t\t\t\t\t\t\t<\/figure>\n<\/p><\/div>\n<\/p><\/div>\n<\/p><\/div>\n<\/p><\/div>\n<div class=\"columns large-6 zn-textimg-coldesc\" data-equalizer-watch>\n<div class=\"columns-inner zn-textimg-descbox\">\n<div class=\"zn-textimg-desc wig-content\">\n<h2>Ein Zwischenstopp am Euroairport: Was kann man rund um Freiburg unternehmen?<\/h2>\n<p>Nutzen Sie Ihren Aufenthalt in La Villa K, um die St\u00e4dte zu besichtigen und Aktivit\u00e4ten zu genie\u00dfen, die nur wenige Schritte vom Hotel entfernt sind. Ob Sie mit der Familie, zu zweit oder auf Gesch\u00e4ftsreise sind: Sie finden eine ganze Auswahl an Aktivit\u00e4ten und Freizeitm\u00f6glichkeiten, die Gro\u00df und Klein begeistern werden!<\/p>\n<ul>\n<li><a href=\"https:\/\/www.lavillak.com\/de\/tourismus\/kultureller-aufenthalt-im-sued-elsass\/\">Kultureller Aufenthalt im s\u00fcd Elsass<\/a><\/li>\n<li><a href=\"https:\/\/www.lavillak.com\/de\/tourismus\/sportliche-ferien-willkommen-im-elsass\/\">Sportliche Ferien<\/a><\/li>\n<li><a href=\"https:\/\/www.lavillak.com\/de\/tourismus\/weihnachtsmaerkte-im-elsass\/\">Weihnachtsm\u00e4rkte im Elsass<\/a><\/li>\n<li>Und viele andere mehr!<\/li>\n<\/ul>\n<p>Kommen Sie nach La Villa K und gehen Sie mit Erinnerungen im Kopf nach Hause!<\/p>\n<\/div><\/div>\n<\/p><\/div>\n<\/p><\/div>\n<\/p><\/div>\n<\/p><\/div>\n<\/div>\n<\/div>\n<p><!-- \/flzn:zn_text_img --><br \/>\n<!-- flzn:zn_button --><\/p>\n<div id=\"flzn-button-2\" class=\"zone zn-button with-bg bg-color is-bgc-bluepattern bg-is-dark\"><span class=\"zone-bg bg-color bgc-bluepattern alignfull\"><\/span><\/p>\n<div class=\"zone-block zn-button-block alignfull va-top text-center\">\n<div class=\"zn-button-bgbox block-alignfull oneblock\">\n<div class=\"zn-button-bgbox-bg\" ><\/div>\n<\/p><\/div>\n<div class=\"zn-button-list row small-up-1 medium-up-1 nb-bloc-1  without-blocs-bg alignfull va-top text-center oneblock\" data-equalizer data-equalize-on=\"large\">\n<div class=\"zn-button-bloc column\" data-equalizer-watch>\n<div class=\"column-inner\">\n<div class=\"zn-button-innerbox\">\n<div class=\"zn-button-bloc-titledesc\">\n<h3 class=\"zn-button-bloc-title h2 cursive-font title-with-deco\">\n\t\t\t\t\t\t\t\t\t\tPlanen Sie Ihren Aufenthalt\t\t\t\t\t\t\t\t\t<\/h3>\n<\/p><\/div>\n<div class=\"zn-button-buttons-box\">\n<p>\t\t\t\t\t\t\t\t\t\t\t\t\t\t\t\t\t\t<a class=\"button secondary\" href=\"https:\/\/www.secure-hotel-booking.com\/smart\/Hotel-Spa-La-Villa-K\/JBCB\/de\/?_ga=2.202840983.725048562.1639644085-1548106760.1637677520\"><br \/>\n\t\t\t\t\t\t\t\t\t\t\t\t\t\t\t\t\t\t\t\t\tBook a room\t\t\t\t\t\t\t\t\t\t\t\t\t\t\t\t\t\t\t<\/a>\n\t\t\t\t\t\t\t\t\t\t\t\t\t\t\t\t\t\t\t\t\t<\/div>\n<\/p><\/div>\n<\/p><\/div>\n<\/p><\/div>\n<\/p><\/div>\n<\/div>\n<\/div>\n<p><!-- \/flzn:zn_button --><\/p>\n","protected":false},"excerpt":{"rendered":"<p>\u00dcbernachten Sie in der N\u00e4he des Euroairports Basel-Mulhouse-Freiburg. Im Rahmen einer Gesch\u00e4ftsreise, eines Urlaubs oder eines einfachen Zwischenstopps werden Sie die N\u00e4he der Verkehrsachsen zu den Grenzl\u00e4ndern (Schweiz und Deutschland) [&hellip;]<\/p>\n","protected":false},"author":3,"featured_media":21002,"parent":0,"menu_order":0,"comment_status":"closed","ping_status":"closed","template":"","meta":{"_acf_changed":false,"footnotes":""},"class_list":["post-20994","page","type-page","status-publish","has-post-thumbnail","hentry","wp-sticky"],"acf":[],"yoast_head":"<!-- This site is optimized with the Yoast SEO plugin v27.5 - https:\/\/yoast.com\/product\/yoast-seo-wordpress\/ -->\n<title>Hotels nahe am Flughafen Freiburg, 4-Sterne-Hotel freiburg<\/title>\n<meta name=\"description\" content=\"Genie\u00dfen Sie einen Aufenthalt in einem charmanten Hotel auf Ihrer Gesch\u00e4ftsreise oder bei einem Zwischenstopp in Freiburg\" \/>\n<meta name=\"robots\" content=\"index, follow, max-snippet:-1, max-image-preview:large, max-video-preview:-1\" \/>\n<link rel=\"canonical\" href=\"https:\/\/www.lavillak.com\/de\/hotel-in-der-naehe-des-flughafens-freiburg\/\" \/>\n<meta property=\"og:locale\" content=\"de_DE\" \/>\n<meta property=\"og:type\" content=\"article\" \/>\n<meta property=\"og:title\" content=\"Hotels nahe am Flughafen Freiburg, 4-Sterne-Hotel freiburg\" \/>\n<meta property=\"og:description\" content=\"Genie\u00dfen Sie einen Aufenthalt in einem charmanten Hotel auf Ihrer Gesch\u00e4ftsreise oder bei einem Zwischenstopp in Freiburg\" \/>\n<meta property=\"og:url\" content=\"https:\/\/www.lavillak.com\/de\/hotel-in-der-naehe-des-flughafens-freiburg\/\" \/>\n<meta property=\"og:site_name\" content=\"La Villa K\" \/>\n<meta property=\"article:publisher\" content=\"https:\/\/www.facebook.com\/lavillak\/\" \/>\n<meta property=\"article:modified_time\" content=\"2021-12-16T09:15:50+00:00\" \/>\n<meta property=\"og:image\" content=\"https:\/\/www.lavillak.com\/wp-inside\/uploads\/2021\/12\/122_2301.jpg\" \/>\n\t<meta property=\"og:image:width\" content=\"1280\" \/>\n\t<meta property=\"og:image:height\" content=\"960\" \/>\n\t<meta property=\"og:image:type\" content=\"image\/jpeg\" \/>\n<meta name=\"twitter:card\" content=\"summary_large_image\" \/>\n<meta name=\"twitter:label1\" content=\"Gesch\u00e4tzte Lesezeit\" \/>\n\t<meta name=\"twitter:data1\" content=\"2\u00a0Minuten\" \/>\n<script type=\"application\/ld+json\" class=\"yoast-schema-graph\">{\"@context\":\"https:\\\/\\\/schema.org\",\"@graph\":[{\"@type\":\"WebPage\",\"@id\":\"https:\\\/\\\/www.lavillak.com\\\/de\\\/hotel-in-der-naehe-des-flughafens-freiburg\\\/\",\"url\":\"https:\\\/\\\/www.lavillak.com\\\/de\\\/hotel-in-der-naehe-des-flughafens-freiburg\\\/\",\"name\":\"Hotels nahe am Flughafen Freiburg, 4-Sterne-Hotel freiburg\",\"isPartOf\":{\"@id\":\"https:\\\/\\\/www.lavillak.com\\\/de\\\/#website\"},\"primaryImageOfPage\":{\"@id\":\"https:\\\/\\\/www.lavillak.com\\\/de\\\/hotel-in-der-naehe-des-flughafens-freiburg\\\/#primaryimage\"},\"image\":{\"@id\":\"https:\\\/\\\/www.lavillak.com\\\/de\\\/hotel-in-der-naehe-des-flughafens-freiburg\\\/#primaryimage\"},\"thumbnailUrl\":\"https:\\\/\\\/www.lavillak.com\\\/wp-inside\\\/uploads\\\/2021\\\/12\\\/122_2301.jpg\",\"datePublished\":\"2021-12-16T09:10:53+00:00\",\"dateModified\":\"2021-12-16T09:15:50+00:00\",\"description\":\"Genie\u00dfen Sie einen Aufenthalt in einem charmanten Hotel auf Ihrer Gesch\u00e4ftsreise oder bei einem Zwischenstopp in Freiburg\",\"breadcrumb\":{\"@id\":\"https:\\\/\\\/www.lavillak.com\\\/de\\\/hotel-in-der-naehe-des-flughafens-freiburg\\\/#breadcrumb\"},\"inLanguage\":\"de\",\"potentialAction\":[{\"@type\":\"ReadAction\",\"target\":[\"https:\\\/\\\/www.lavillak.com\\\/de\\\/hotel-in-der-naehe-des-flughafens-freiburg\\\/\"]}]},{\"@type\":\"ImageObject\",\"inLanguage\":\"de\",\"@id\":\"https:\\\/\\\/www.lavillak.com\\\/de\\\/hotel-in-der-naehe-des-flughafens-freiburg\\\/#primaryimage\",\"url\":\"https:\\\/\\\/www.lavillak.com\\\/wp-inside\\\/uploads\\\/2021\\\/12\\\/122_2301.jpg\",\"contentUrl\":\"https:\\\/\\\/www.lavillak.com\\\/wp-inside\\\/uploads\\\/2021\\\/12\\\/122_2301.jpg\",\"width\":1280,\"height\":960,\"caption\":\"Hotel Euroairports Freiburg\"},{\"@type\":\"BreadcrumbList\",\"@id\":\"https:\\\/\\\/www.lavillak.com\\\/de\\\/hotel-in-der-naehe-des-flughafens-freiburg\\\/#breadcrumb\",\"itemListElement\":[{\"@type\":\"ListItem\",\"position\":1,\"name\":\"Home\",\"item\":\"https:\\\/\\\/www.lavillak.com\\\/de\\\/\"},{\"@type\":\"ListItem\",\"position\":2,\"name\":\"Hotel in der n\u00e4he des flughafens Freiburg\"}]},{\"@type\":\"WebSite\",\"@id\":\"https:\\\/\\\/www.lavillak.com\\\/de\\\/#website\",\"url\":\"https:\\\/\\\/www.lavillak.com\\\/de\\\/\",\"name\":\"La Villa K\",\"description\":\"H\u00f4tel Spa Restaurant 4 \u00e9toiles\",\"publisher\":{\"@id\":\"https:\\\/\\\/www.lavillak.com\\\/de\\\/#organization\"},\"potentialAction\":[{\"@type\":\"SearchAction\",\"target\":{\"@type\":\"EntryPoint\",\"urlTemplate\":\"https:\\\/\\\/www.lavillak.com\\\/de\\\/?s={search_term_string}\"},\"query-input\":{\"@type\":\"PropertyValueSpecification\",\"valueRequired\":true,\"valueName\":\"search_term_string\"}}],\"inLanguage\":\"de\"},{\"@type\":\"Organization\",\"@id\":\"https:\\\/\\\/www.lavillak.com\\\/de\\\/#organization\",\"name\":\"La Villa K\",\"url\":\"https:\\\/\\\/www.lavillak.com\\\/de\\\/\",\"logo\":{\"@type\":\"ImageObject\",\"inLanguage\":\"de\",\"@id\":\"https:\\\/\\\/www.lavillak.com\\\/de\\\/#\\\/schema\\\/logo\\\/image\\\/\",\"url\":\"https:\\\/\\\/www.lavillak.com\\\/wp-inside\\\/uploads\\\/2021\\\/05\\\/logo-hotel-lavillak-230x144_2x.png\",\"contentUrl\":\"https:\\\/\\\/www.lavillak.com\\\/wp-inside\\\/uploads\\\/2021\\\/05\\\/logo-hotel-lavillak-230x144_2x.png\",\"width\":460,\"height\":288,\"caption\":\"La Villa K\"},\"image\":{\"@id\":\"https:\\\/\\\/www.lavillak.com\\\/de\\\/#\\\/schema\\\/logo\\\/image\\\/\"},\"sameAs\":[\"https:\\\/\\\/www.facebook.com\\\/lavillak\\\/\",\"https:\\\/\\\/www.instagram.com\\\/hotellavillak\\\/\",\"https:\\\/\\\/fr.pinterest.com\\\/hotellavillaket\\\/\"]}]}<\/script>\n<!-- \/ Yoast SEO plugin. -->","yoast_head_json":{"title":"Hotels nahe am Flughafen Freiburg, 4-Sterne-Hotel freiburg","description":"Genie\u00dfen Sie einen Aufenthalt in einem charmanten Hotel auf Ihrer Gesch\u00e4ftsreise oder bei einem Zwischenstopp in Freiburg","robots":{"index":"index","follow":"follow","max-snippet":"max-snippet:-1","max-image-preview":"max-image-preview:large","max-video-preview":"max-video-preview:-1"},"canonical":"https:\/\/www.lavillak.com\/de\/hotel-in-der-naehe-des-flughafens-freiburg\/","og_locale":"de_DE","og_type":"article","og_title":"Hotels nahe am Flughafen Freiburg, 4-Sterne-Hotel freiburg","og_description":"Genie\u00dfen Sie einen Aufenthalt in einem charmanten Hotel auf Ihrer Gesch\u00e4ftsreise oder bei einem Zwischenstopp in Freiburg","og_url":"https:\/\/www.lavillak.com\/de\/hotel-in-der-naehe-des-flughafens-freiburg\/","og_site_name":"La Villa K","article_publisher":"https:\/\/www.facebook.com\/lavillak\/","article_modified_time":"2021-12-16T09:15:50+00:00","og_image":[{"width":1280,"height":960,"url":"https:\/\/www.lavillak.com\/wp-inside\/uploads\/2021\/12\/122_2301.jpg","type":"image\/jpeg"}],"twitter_card":"summary_large_image","twitter_misc":{"Gesch\u00e4tzte Lesezeit":"2\u00a0Minuten"},"schema":{"@context":"https:\/\/schema.org","@graph":[{"@type":"WebPage","@id":"https:\/\/www.lavillak.com\/de\/hotel-in-der-naehe-des-flughafens-freiburg\/","url":"https:\/\/www.lavillak.com\/de\/hotel-in-der-naehe-des-flughafens-freiburg\/","name":"Hotels nahe am Flughafen Freiburg, 4-Sterne-Hotel freiburg","isPartOf":{"@id":"https:\/\/www.lavillak.com\/de\/#website"},"primaryImageOfPage":{"@id":"https:\/\/www.lavillak.com\/de\/hotel-in-der-naehe-des-flughafens-freiburg\/#primaryimage"},"image":{"@id":"https:\/\/www.lavillak.com\/de\/hotel-in-der-naehe-des-flughafens-freiburg\/#primaryimage"},"thumbnailUrl":"https:\/\/www.lavillak.com\/wp-inside\/uploads\/2021\/12\/122_2301.jpg","datePublished":"2021-12-16T09:10:53+00:00","dateModified":"2021-12-16T09:15:50+00:00","description":"Genie\u00dfen Sie einen Aufenthalt in einem charmanten Hotel auf Ihrer Gesch\u00e4ftsreise oder bei einem Zwischenstopp in Freiburg","breadcrumb":{"@id":"https:\/\/www.lavillak.com\/de\/hotel-in-der-naehe-des-flughafens-freiburg\/#breadcrumb"},"inLanguage":"de","potentialAction":[{"@type":"ReadAction","target":["https:\/\/www.lavillak.com\/de\/hotel-in-der-naehe-des-flughafens-freiburg\/"]}]},{"@type":"ImageObject","inLanguage":"de","@id":"https:\/\/www.lavillak.com\/de\/hotel-in-der-naehe-des-flughafens-freiburg\/#primaryimage","url":"https:\/\/www.lavillak.com\/wp-inside\/uploads\/2021\/12\/122_2301.jpg","contentUrl":"https:\/\/www.lavillak.com\/wp-inside\/uploads\/2021\/12\/122_2301.jpg","width":1280,"height":960,"caption":"Hotel Euroairports Freiburg"},{"@type":"BreadcrumbList","@id":"https:\/\/www.lavillak.com\/de\/hotel-in-der-naehe-des-flughafens-freiburg\/#breadcrumb","itemListElement":[{"@type":"ListItem","position":1,"name":"Home","item":"https:\/\/www.lavillak.com\/de\/"},{"@type":"ListItem","position":2,"name":"Hotel in der n\u00e4he des flughafens Freiburg"}]},{"@type":"WebSite","@id":"https:\/\/www.lavillak.com\/de\/#website","url":"https:\/\/www.lavillak.com\/de\/","name":"La Villa K","description":"H\u00f4tel Spa Restaurant 4 \u00e9toiles","publisher":{"@id":"https:\/\/www.lavillak.com\/de\/#organization"},"potentialAction":[{"@type":"SearchAction","target":{"@type":"EntryPoint","urlTemplate":"https:\/\/www.lavillak.com\/de\/?s={search_term_string}"},"query-input":{"@type":"PropertyValueSpecification","valueRequired":true,"valueName":"search_term_string"}}],"inLanguage":"de"},{"@type":"Organization","@id":"https:\/\/www.lavillak.com\/de\/#organization","name":"La Villa K","url":"https:\/\/www.lavillak.com\/de\/","logo":{"@type":"ImageObject","inLanguage":"de","@id":"https:\/\/www.lavillak.com\/de\/#\/schema\/logo\/image\/","url":"https:\/\/www.lavillak.com\/wp-inside\/uploads\/2021\/05\/logo-hotel-lavillak-230x144_2x.png","contentUrl":"https:\/\/www.lavillak.com\/wp-inside\/uploads\/2021\/05\/logo-hotel-lavillak-230x144_2x.png","width":460,"height":288,"caption":"La Villa K"},"image":{"@id":"https:\/\/www.lavillak.com\/de\/#\/schema\/logo\/image\/"},"sameAs":["https:\/\/www.facebook.com\/lavillak\/","https:\/\/www.instagram.com\/hotellavillak\/","https:\/\/fr.pinterest.com\/hotellavillaket\/"]}]}},"_links":{"self":[{"href":"https:\/\/www.lavillak.com\/de\/wp-json\/wp\/v2\/pages\/20994","targetHints":{"allow":["GET"]}}],"collection":[{"href":"https:\/\/www.lavillak.com\/de\/wp-json\/wp\/v2\/pages"}],"about":[{"href":"https:\/\/www.lavillak.com\/de\/wp-json\/wp\/v2\/types\/page"}],"author":[{"embeddable":true,"href":"https:\/\/www.lavillak.com\/de\/wp-json\/wp\/v2\/users\/3"}],"replies":[{"embeddable":true,"href":"https:\/\/www.lavillak.com\/de\/wp-json\/wp\/v2\/comments?post=20994"}],"version-history":[{"count":4,"href":"https:\/\/www.lavillak.com\/de\/wp-json\/wp\/v2\/pages\/20994\/revisions"}],"predecessor-version":[{"id":21033,"href":"https:\/\/www.lavillak.com\/de\/wp-json\/wp\/v2\/pages\/20994\/revisions\/21033"}],"wp:featuredmedia":[{"embeddable":true,"href":"https:\/\/www.lavillak.com\/de\/wp-json\/wp\/v2\/media\/21002"}],"wp:attachment":[{"href":"https:\/\/www.lavillak.com\/de\/wp-json\/wp\/v2\/media?parent=20994"}],"curies":[{"name":"wp","href":"https:\/\/api.w.org\/{rel}","templated":true}]}}